{"id":631,"date":"2020-09-04T12:48:20","date_gmt":"2020-09-04T10:48:20","guid":{"rendered":"http:\/\/161.97.86.23\/web\/?page_id=631"},"modified":"2023-06-05T15:05:24","modified_gmt":"2023-06-05T14:05:24","slug":"le-mot-du-dg","status":"publish","type":"page","link":"https:\/\/web.nasla.cm\/index.php\/le-mot-du-dg\/","title":{"rendered":"Le Mot du Directeur G\u00e9n\u00e9ral"},"content":{"rendered":"\n<div class=\"wp-block-group alignwide\"><div class=\"wp-block-group__inner-container is-layout-flow wp-block-group-is-layout-flow\">\n<p><img fetchpriority=\"high\" decoding=\"async\" class=\"size-medium wp-image-1169 alignleft\" src=\"http:\/\/161.97.86.23\/web\/wp-content\/uploads\/2020\/12\/DG2__-239x300.png\" alt=\"\" width=\"239\" height=\"300\" srcset=\"https:\/\/web.nasla.cm\/wp-content\/uploads\/2020\/12\/DG2__-239x300.png 239w, https:\/\/web.nasla.cm\/wp-content\/uploads\/2020\/12\/DG2__-93x116.png 93w, https:\/\/web.nasla.cm\/wp-content\/uploads\/2020\/12\/DG2__.png 383w\" sizes=\"(max-width: 239px) 100vw, 239px\" \/>La cr\u00e9ation de la <strong>National School of Local Administration<\/strong> (NASLA) est l\u2019expression de la volont\u00e9 du Chef de l\u2019Etat, S.E.M Paul BIYA, de faire de la formation professionnelle l\u2019un des leviers essentiels du processus de d\u00e9centralisation et du d\u00e9veloppement au Cameroun.<\/p>\n<p>La formation professionnelle s\u2019affirme donc aujourd\u2019hui pour nos Collectivit\u00e9s Territoriales D\u00e9centralis\u00e9es (CTD), comme un moyen de d\u00e9velopper les comp\u00e9tences n\u00e9cessaires permettant de r\u00e9pondre aux d\u00e9fis de faire du Cameroun un pays \u00e9mergent, uni dans sa diversit\u00e9 \u00e0 l\u2019horizon 2035.<\/p>\n<p>D\u00e9termin\u00e9e \u00e0 permettre \u00e0 chaque CTD de disposer des ressources humaines de qualit\u00e9, la NASLA se pr\u00e9sente comme <strong>le creuset du d\u00e9veloppement local<\/strong> en encourageant et promouvant le d\u00e9veloppement professionnel des apprenants, mais aussi et surtout les modes de management des CTD.&nbsp;<\/p>\n<p>La NASLA se positionne comme la seule \u00e9cole en Afrique sub-saharienne mise en place par un Etat pour la formation des personnels des CTD.<\/p>\n<p>Notre mission est d\u2019assurer la formation professionnelle dans les domaines de comp\u00e9tence et sp\u00e9cialit\u00e9s de l\u2019Administration locale, conform\u00e9ment aux orientations d\u00e9finies par le Gouvernement.<\/p>\n<p>A cet effet, notre objectif est d\u2019associer l\u2019acquisition des savoirs techniques, savoir-faire et aptitudes \u00e0 travers&nbsp;:<\/p>\n<ul>\n<li>La formation initiale dipl\u00f4mante ;<\/li>\n<li>La formation continue ;<\/li>\n<li>La formation sp\u00e9cifique.<\/li>\n<\/ul>\n<p>Le partage d\u2019exp\u00e9rience et d\u2019expertise joue aujourd\u2019hui un r\u00f4le majeur dans le d\u00e9veloppement de nos CTD. Notre ambition est de parvenir \u00e0 renouveler ainsi le regard sur les pratiques professionnelles et \u00e0 placer la connaissance au service de la r\u00e9ussite \u00e0 travers notre Centre de recherche et de Documentation.<\/p>\n<p>Engag\u00e9e, la NASLA place l\u2019\u00e9thique au c\u0153ur de sa d\u00e9marche. Nous sommes respectueux des principes de bonne gouvernance, et nous entendons entretenir des rapports responsables avec l\u2019ensemble de nos interlocuteurs (Minist\u00e8res, CTD, Partenaires Techniques et Financiers\u2026) dans un environnement marqu\u00e9 par une forte attente tant des acteurs locaux que de la soci\u00e9t\u00e9 toute enti\u00e8re.<\/p>\n<p>Notre vision est de faire de la NASLA un Institut des hautes \u00e9tudes pour la formation aux m\u00e9tiers de la ville, allant de la conception des politiques publiques locales \u00e0 l\u2019administration des services et l\u2019entretien des espaces de vie.<\/p>\n<p>Cette ambition appelle la mobilisation de toutes les \u00e9nergies et de toutes les composantes engag\u00e9es dans la mise en \u0153uvre de la volont\u00e9 du Chef de l\u2019Etat en mati\u00e8re de d\u00e9centralisation.<\/p>\n<p>Nous sommes conscients des d\u00e9fis, mais r\u00e9solument optimistes quant \u00e0 la capacit\u00e9 de nos \u00e9quipes \u00e0 les relever avec l\u2019accompagnement bienveillant de nos tutelles, le Minist\u00e8re de la D\u00e9centralisation et du D\u00e9veloppement Local et le Minist\u00e8re des Finances.<\/p>\n<p style=\"text-align: right;\"><strong data-rich-text-format-boundary=\"true\">TANYITIKU E. BAYEE<\/strong><\/p>\n<\/div><\/div>\n\n\n<div class=\"trp_language_switcher_shortcode\">\n<div class=\"trp-language-switcher trp-language-switcher-container\" data-no-translation >\n    <div class=\"trp-ls-shortcode-current-language\">\n        <a href=\"#\" class=\"trp-ls-shortcode-disabled-language trp-ls-disabled-language\" title=\"French\" onclick=\"event.preventDefault()\">\n\t\t\t French\t\t<\/a>\n    <\/div>\n    <div class=\"trp-ls-shortcode-language\">\n                <a href=\"#\" class=\"trp-ls-shortcode-disabled-language trp-ls-disabled-language\"  title=\"French\" onclick=\"event.preventDefault()\">\n\t\t\t French\t\t<\/a>\n                    <a href=\"https:\/\/web.nasla.cm\/index.php\/wp-json\/wp\/v2\/pages\/631\" title=\"English\">\n             English        <\/a>\n\n        <\/div>\n    <script type=\"application\/javascript\">\n        \/\/ need to have the same with set from JS on both divs. Otherwise it can push stuff around in HTML\n        var trp_ls_shortcodes = document.querySelectorAll('.trp_language_switcher_shortcode .trp-language-switcher');\n        if ( trp_ls_shortcodes.length > 0) {\n            \/\/ get the last language switcher added\n            var trp_el = trp_ls_shortcodes[trp_ls_shortcodes.length - 1];\n\n            var trp_shortcode_language_item = trp_el.querySelector( '.trp-ls-shortcode-language' )\n            \/\/ set width\n            var trp_ls_shortcode_width                                               = trp_shortcode_language_item.offsetWidth + 16;\n            trp_shortcode_language_item.style.width                                  = trp_ls_shortcode_width + 'px';\n            trp_el.querySelector( '.trp-ls-shortcode-current-language' ).style.width = trp_ls_shortcode_width + 'px';\n\n            \/\/ We're putting this on display: none after we have its width.\n            trp_shortcode_language_item.style.display = 'none';\n        }\n    <\/script>\n<\/div>\n<\/div>\n","protected":false},"excerpt":{"rendered":"<p>La cr\u00e9ation de la National School of Local Administration (NASLA) est l\u2019expression de la volont\u00e9 du Chef de l\u2019Etat, S.E.M &hellip; <\/p>\n","protected":false},"author":83,"featured_media":0,"parent":0,"menu_order":0,"comment_status":"closed","ping_status":"closed","template":"","meta":{"ngg_post_thumbnail":0,"cybocfi_hide_featured_image":"","footnotes":""},"class_list":["post-631","page","type-page","status-publish","hentry"],"_links":{"self":[{"href":"https:\/\/web.nasla.cm\/index.php\/wp-json\/wp\/v2\/pages\/631","targetHints":{"allow":["GET"]}}],"collection":[{"href":"https:\/\/web.nasla.cm\/index.php\/wp-json\/wp\/v2\/pages"}],"about":[{"href":"https:\/\/web.nasla.cm\/index.php\/wp-json\/wp\/v2\/types\/page"}],"author":[{"embeddable":true,"href":"https:\/\/web.nasla.cm\/index.php\/wp-json\/wp\/v2\/users\/83"}],"replies":[{"embeddable":true,"href":"https:\/\/web.nasla.cm\/index.php\/wp-json\/wp\/v2\/comments?post=631"}],"version-history":[{"count":7,"href":"https:\/\/web.nasla.cm\/index.php\/wp-json\/wp\/v2\/pages\/631\/revisions"}],"predecessor-version":[{"id":2972,"href":"https:\/\/web.nasla.cm\/index.php\/wp-json\/wp\/v2\/pages\/631\/revisions\/2972"}],"wp:attachment":[{"href":"https:\/\/web.nasla.cm\/index.php\/wp-json\/wp\/v2\/media?parent=631"}],"curies":[{"name":"wp","href":"https:\/\/api.w.org\/{rel}","templated":true}]}}